{"id":39731,"date":"2021-04-12T00:05:34","date_gmt":"2021-04-11T22:05:34","guid":{"rendered":"https:\/\/www.traveltothemagic.net\/video\/video-feierliche-eroeffnung-des-euro-disney-tv-specials\/"},"modified":"2021-06-13T18:40:42","modified_gmt":"2021-06-13T16:40:42","slug":"video-feierliche-eroeffnung-des-euro-disney-tv-specials","status":"publish","type":"video","link":"https:\/\/www.traveltothemagic.net\/de\/video\/video-feierliche-eroeffnung-des-euro-disney-tv-specials\/","title":{"rendered":"VIDEO: Feierliche Er\u00f6ffnung des Euro Disney TV-Specials"},"content":{"rendered":"<p>Die gro\u00dfe Er\u00f6ffnung von Euro Disney war ein TV-Special, das am 11. April 1992 ausgestrahlt wurde. Don Johnson und Melanie Griffith moderieren die Show mit musikalischen Darbietungen und kurzen Einblicken in den Park. Rund um Europa hatten die L\u00e4nder ihre eigenen TV-Specials. Am 12. April 1992 wurde der Park offiziell f\u00fcr G\u00e4ste er\u00f6ffnet.<\/p>\n","protected":false},"featured_media":38209,"template":"","meta":{"_lmt_disableupdate":"","_lmt_disable":""},"tags":[12,489,481],"yoast_head":"<!-- This site is optimized with the Yoast SEO Premium plugin v20.11 (Yoast SEO v21.3) - https:\/\/yoast.com\/wordpress\/plugins\/seo\/ -->\n<title>VIDEO: Feierliche Er\u00f6ffnung des Euro Disney TV-Specials - Travel to the Magic<\/title>\n<meta name=\"description\" content=\"Sehen Sie sich die gro\u00dfe Er\u00f6ffnung des Euro Disney TV-Specials an. Dieses Special wurde am 11. April 1992 ausgestrahlt.\" \/>\n<meta name=\"robots\" content=\"index, follow, max-snippet:-1, max-image-preview:large, max-video-preview:-1\" \/>\n<link rel=\"canonical\" href=\"https:\/\/www.traveltothemagic.net\/de\/video\/video-feierliche-eroeffnung-des-euro-disney-tv-specials\/\" \/>\n<meta property=\"og:locale\" content=\"de_DE\" \/>\n<meta property=\"og:type\" content=\"article\" \/>\n<meta property=\"og:title\" content=\"VIDEO: Feierliche Er\u00f6ffnung des Euro Disney TV-Specials\" \/>\n<meta property=\"og:description\" content=\"Die gro\u00dfe Er\u00f6ffnung von Euro Disney war ein TV-Special, das am 11. April 1992 ausgestrahlt wurde. Don Johnson und Melanie Griffith moderieren die Show mit\" \/>\n<meta property=\"og:url\" content=\"https:\/\/www.traveltothemagic.net\/de\/video\/video-feierliche-eroeffnung-des-euro-disney-tv-specials\/\" \/>\n<meta property=\"og:site_name\" content=\"Travel to the Magic\" \/>\n<meta property=\"article:publisher\" content=\"https:\/\/www.facebook.com\/travelttmagic\/\" \/>\n<meta property=\"article:modified_time\" content=\"2021-06-13T16:40:42+00:00\" \/>\n<meta property=\"og:image\" content=\"https:\/\/www.traveltothemagic.net\/wp-content\/uploads\/2021\/04\/Disneyland-Paris-Grand-Opening.png\" \/>\n\t<meta property=\"og:image:width\" content=\"2194\" \/>\n\t<meta property=\"og:image:height\" content=\"1230\" \/>\n\t<meta property=\"og:image:type\" content=\"image\/png\" \/>\n<meta name=\"twitter:card\" content=\"summary_large_image\" \/>\n<meta name=\"twitter:site\" content=\"@travelttmagic\" \/>\n<script type=\"application\/ld+json\" class=\"yoast-schema-graph\">{\"@context\":\"https:\/\/schema.org\",\"@graph\":[{\"@type\":\"WebPage\",\"@id\":\"https:\/\/www.traveltothemagic.net\/de\/video\/video-feierliche-eroeffnung-des-euro-disney-tv-specials\/\",\"url\":\"https:\/\/www.traveltothemagic.net\/de\/video\/video-feierliche-eroeffnung-des-euro-disney-tv-specials\/\",\"name\":\"VIDEO: Feierliche Er\u00f6ffnung des Euro Disney TV-Specials - Travel to the Magic\",\"isPartOf\":{\"@id\":\"https:\/\/www.traveltothemagic.net\/de\/#website\"},\"datePublished\":\"2021-04-11T22:05:34+00:00\",\"dateModified\":\"2021-06-13T16:40:42+00:00\",\"description\":\"Sehen Sie sich die gro\u00dfe Er\u00f6ffnung des Euro Disney TV-Specials an. Dieses Special wurde am 11. April 1992 ausgestrahlt.\",\"breadcrumb\":{\"@id\":\"https:\/\/www.traveltothemagic.net\/de\/video\/video-feierliche-eroeffnung-des-euro-disney-tv-specials\/#breadcrumb\"},\"inLanguage\":\"de-DE\",\"potentialAction\":[{\"@type\":\"ReadAction\",\"target\":[\"https:\/\/www.traveltothemagic.net\/de\/video\/video-feierliche-eroeffnung-des-euro-disney-tv-specials\/\"]}]},{\"@type\":\"BreadcrumbList\",\"@id\":\"https:\/\/www.traveltothemagic.net\/de\/video\/video-feierliche-eroeffnung-des-euro-disney-tv-specials\/#breadcrumb\",\"itemListElement\":[{\"@type\":\"ListItem\",\"position\":1,\"name\":\"Home\",\"item\":\"https:\/\/www.traveltothemagic.net\/de\/titelseite\/\"},{\"@type\":\"ListItem\",\"position\":2,\"name\":\"Videos\",\"item\":\"https:\/\/www.traveltothemagic.net\/de\/video\/\"},{\"@type\":\"ListItem\",\"position\":3,\"name\":\"VIDEO: Feierliche Er\u00f6ffnung des Euro Disney TV-Specials\"}]},{\"@type\":\"WebSite\",\"@id\":\"https:\/\/www.traveltothemagic.net\/de\/#website\",\"url\":\"https:\/\/www.traveltothemagic.net\/de\/\",\"name\":\"Travel to the Magic\",\"description\":\"Your resource for travel to Disney Parks and more\",\"publisher\":{\"@id\":\"https:\/\/www.traveltothemagic.net\/de\/#organization\"},\"potentialAction\":[{\"@type\":\"SearchAction\",\"target\":{\"@type\":\"EntryPoint\",\"urlTemplate\":\"https:\/\/www.traveltothemagic.net\/de\/?s={search_term_string}\"},\"query-input\":\"required name=search_term_string\"}],\"inLanguage\":\"de-DE\"},{\"@type\":\"Organization\",\"@id\":\"https:\/\/www.traveltothemagic.net\/de\/#organization\",\"name\":\"Travel to the Magic\",\"url\":\"https:\/\/www.traveltothemagic.net\/de\/\",\"logo\":{\"@type\":\"ImageObject\",\"inLanguage\":\"de-DE\",\"@id\":\"https:\/\/www.traveltothemagic.net\/de\/#\/schema\/logo\/image\/\",\"url\":\"https:\/\/www.traveltothemagic.net\/wp-content\/uploads\/2022\/05\/TTTM_Banner.png\",\"contentUrl\":\"https:\/\/www.traveltothemagic.net\/wp-content\/uploads\/2022\/05\/TTTM_Banner.png\",\"width\":2400,\"height\":587,\"caption\":\"Travel to the Magic\"},\"image\":{\"@id\":\"https:\/\/www.traveltothemagic.net\/de\/#\/schema\/logo\/image\/\"},\"sameAs\":[\"https:\/\/www.facebook.com\/travelttmagic\/\",\"https:\/\/twitter.com\/travelttmagic\",\"https:\/\/www.instagram.com\/travelttmagic\/\",\"https:\/\/www.youtube.com\/channel\/UCeE1x22RUo5og7XkiItPD5w\"]}]}<\/script>\n<!-- \/ Yoast SEO Premium plugin. -->","yoast_head_json":{"title":"VIDEO: Feierliche Er\u00f6ffnung des Euro Disney TV-Specials - Travel to the Magic","description":"Sehen Sie sich die gro\u00dfe Er\u00f6ffnung des Euro Disney TV-Specials an. Dieses Special wurde am 11. April 1992 ausgestrahlt.","robots":{"index":"index","follow":"follow","max-snippet":"max-snippet:-1","max-image-preview":"max-image-preview:large","max-video-preview":"max-video-preview:-1"},"canonical":"https:\/\/www.traveltothemagic.net\/de\/video\/video-feierliche-eroeffnung-des-euro-disney-tv-specials\/","og_locale":"de_DE","og_type":"article","og_title":"VIDEO: Feierliche Er\u00f6ffnung des Euro Disney TV-Specials","og_description":"Die gro\u00dfe Er\u00f6ffnung von Euro Disney war ein TV-Special, das am 11. April 1992 ausgestrahlt wurde. Don Johnson und Melanie Griffith moderieren die Show mit","og_url":"https:\/\/www.traveltothemagic.net\/de\/video\/video-feierliche-eroeffnung-des-euro-disney-tv-specials\/","og_site_name":"Travel to the Magic","article_publisher":"https:\/\/www.facebook.com\/travelttmagic\/","article_modified_time":"2021-06-13T16:40:42+00:00","og_image":[{"width":2194,"height":1230,"url":"https:\/\/www.traveltothemagic.net\/wp-content\/uploads\/2021\/04\/Disneyland-Paris-Grand-Opening.png","type":"image\/png"}],"twitter_card":"summary_large_image","twitter_site":"@travelttmagic","schema":{"@context":"https:\/\/schema.org","@graph":[{"@type":"WebPage","@id":"https:\/\/www.traveltothemagic.net\/de\/video\/video-feierliche-eroeffnung-des-euro-disney-tv-specials\/","url":"https:\/\/www.traveltothemagic.net\/de\/video\/video-feierliche-eroeffnung-des-euro-disney-tv-specials\/","name":"VIDEO: Feierliche Er\u00f6ffnung des Euro Disney TV-Specials - Travel to the Magic","isPartOf":{"@id":"https:\/\/www.traveltothemagic.net\/de\/#website"},"datePublished":"2021-04-11T22:05:34+00:00","dateModified":"2021-06-13T16:40:42+00:00","description":"Sehen Sie sich die gro\u00dfe Er\u00f6ffnung des Euro Disney TV-Specials an. Dieses Special wurde am 11. April 1992 ausgestrahlt.","breadcrumb":{"@id":"https:\/\/www.traveltothemagic.net\/de\/video\/video-feierliche-eroeffnung-des-euro-disney-tv-specials\/#breadcrumb"},"inLanguage":"de-DE","potentialAction":[{"@type":"ReadAction","target":["https:\/\/www.traveltothemagic.net\/de\/video\/video-feierliche-eroeffnung-des-euro-disney-tv-specials\/"]}]},{"@type":"BreadcrumbList","@id":"https:\/\/www.traveltothemagic.net\/de\/video\/video-feierliche-eroeffnung-des-euro-disney-tv-specials\/#breadcrumb","itemListElement":[{"@type":"ListItem","position":1,"name":"Home","item":"https:\/\/www.traveltothemagic.net\/de\/titelseite\/"},{"@type":"ListItem","position":2,"name":"Videos","item":"https:\/\/www.traveltothemagic.net\/de\/video\/"},{"@type":"ListItem","position":3,"name":"VIDEO: Feierliche Er\u00f6ffnung des Euro Disney TV-Specials"}]},{"@type":"WebSite","@id":"https:\/\/www.traveltothemagic.net\/de\/#website","url":"https:\/\/www.traveltothemagic.net\/de\/","name":"Travel to the Magic","description":"Your resource for travel to Disney Parks and more","publisher":{"@id":"https:\/\/www.traveltothemagic.net\/de\/#organization"},"potentialAction":[{"@type":"SearchAction","target":{"@type":"EntryPoint","urlTemplate":"https:\/\/www.traveltothemagic.net\/de\/?s={search_term_string}"},"query-input":"required name=search_term_string"}],"inLanguage":"de-DE"},{"@type":"Organization","@id":"https:\/\/www.traveltothemagic.net\/de\/#organization","name":"Travel to the Magic","url":"https:\/\/www.traveltothemagic.net\/de\/","logo":{"@type":"ImageObject","inLanguage":"de-DE","@id":"https:\/\/www.traveltothemagic.net\/de\/#\/schema\/logo\/image\/","url":"https:\/\/www.traveltothemagic.net\/wp-content\/uploads\/2022\/05\/TTTM_Banner.png","contentUrl":"https:\/\/www.traveltothemagic.net\/wp-content\/uploads\/2022\/05\/TTTM_Banner.png","width":2400,"height":587,"caption":"Travel to the Magic"},"image":{"@id":"https:\/\/www.traveltothemagic.net\/de\/#\/schema\/logo\/image\/"},"sameAs":["https:\/\/www.facebook.com\/travelttmagic\/","https:\/\/twitter.com\/travelttmagic","https:\/\/www.instagram.com\/travelttmagic\/","https:\/\/www.youtube.com\/channel\/UCeE1x22RUo5og7XkiItPD5w"]}]}},"_links":{"self":[{"href":"https:\/\/www.traveltothemagic.net\/de\/wp-json\/wp\/v2\/video\/39731"}],"collection":[{"href":"https:\/\/www.traveltothemagic.net\/de\/wp-json\/wp\/v2\/video"}],"about":[{"href":"https:\/\/www.traveltothemagic.net\/de\/wp-json\/wp\/v2\/types\/video"}],"wp:featuredmedia":[{"embeddable":true,"href":"https:\/\/www.traveltothemagic.net\/de\/wp-json\/wp\/v2\/media\/38209"}],"wp:attachment":[{"href":"https:\/\/www.traveltothemagic.net\/de\/wp-json\/wp\/v2\/media?parent=39731"}],"wp:term":[{"taxonomy":"post_tag","embeddable":true,"href":"https:\/\/www.traveltothemagic.net\/de\/wp-json\/wp\/v2\/tags?post=39731"}],"curies":[{"name":"wp","href":"https:\/\/api.w.org\/{rel}","templated":true}]}}